{"id":607,"date":"2022-04-21T10:00:32","date_gmt":"2022-04-21T10:00:32","guid":{"rendered":"https:\/\/sonamines.cm\/?page_id=607"},"modified":"2022-04-21T10:01:43","modified_gmt":"2022-04-21T10:01:43","slug":"galerie-photos","status":"publish","type":"page","link":"https:\/\/sonamines.cm\/en\/galerie-photos\/","title":{"rendered":"Galerie Photos"},"content":{"rendered":"<style type=\"text\/css\">.foogallery-album-gallery-list .foogallery-pile h3 { background: #fff !important; }.foogallery-album-gallery-list .foogallery-pile h3 { color: #000000 !important; }<\/style><div id=\"foogallery-album-608\">\n\t<ul class=\"foogallery-album-gallery-list alignment-center\">\n\t\t\t\t\t\t<li>\n\t\t\t\t\t<div class=\"foogallery-pile\">\n\t\t\t\t\t\t<div class=\"foogallery-pile-inner\">\n\t\t\t\t\t\t\t<a href=\"https:\/\/sonamines.cm\/en\/galerie-photos\/gallery\/cimec-2024-la-sonamines-devoile-son-potentiel\" target=\"_self\">\n\t\t\t\t\t\t\t\t<img loading=\"lazy\" decoding=\"async\"  src=\"https:\/\/sonamines.cm\/wp-content\/uploads\/cache\/2024\/05\/cimec-2024-la-sonamines-devoile-son-potentiel-09\/3734127542.jpg\" width=\"300\" height=\"300\" class=\"skip-lazy\" \/>\t\t\t\t\t\t\t\t\t\t\t\t\t\t\t\t<h3>CIMEC 2024 : La SONAMINES d\u00e9voile son potentiel\t\t\t\t\t\t\t\t\t<span>11 images<\/span>\n\t\t\t\t\t\t\t\t<\/h3>\n\t\t\t\t\t\t\t<\/a>\n\t\t\t\t\t\t<\/div>\n\t\t\t\t\t<\/div>\n\t\t\t\t<\/li>\n\t\t\t\t\t\t\t\t\t<li>\n\t\t\t\t\t<div class=\"foogallery-pile\">\n\t\t\t\t\t\t<div class=\"foogallery-pile-inner\">\n\t\t\t\t\t\t\t<a href=\"https:\/\/sonamines.cm\/en\/galerie-photos\/gallery\/pdac-2024\" target=\"_self\">\n\t\t\t\t\t\t\t\t<img loading=\"lazy\" decoding=\"async\"  src=\"https:\/\/sonamines.cm\/wp-content\/uploads\/cache\/2024\/03\/pdac-2024-la-sonamines-en-quete-de-partenaires-strategiques-07\/1413011957.jpg\" width=\"300\" height=\"300\" class=\"skip-lazy\" \/>\t\t\t\t\t\t\t\t\t\t\t\t\t\t\t\t<h3>PDAC 2024\t\t\t\t\t\t\t\t\t<span>14 images<\/span>\n\t\t\t\t\t\t\t\t<\/h3>\n\t\t\t\t\t\t\t<\/a>\n\t\t\t\t\t\t<\/div>\n\t\t\t\t\t<\/div>\n\t\t\t\t<\/li>\n\t\t\t\t\t\t\t\t\t<li>\n\t\t\t\t\t<div class=\"foogallery-pile\">\n\t\t\t\t\t\t<div class=\"foogallery-pile-inner\">\n\t\t\t\t\t\t\t<a href=\"https:\/\/sonamines.cm\/en\/galerie-photos\/gallery\/promote-2024\" target=\"_self\">\n\t\t\t\t\t\t\t\t<img loading=\"lazy\" decoding=\"async\"  src=\"https:\/\/sonamines.cm\/wp-content\/uploads\/cache\/2024\/03\/promote-2024-la-sonamines-illumine-le-salon-02\/756453823.jpg\" width=\"300\" height=\"300\" class=\"skip-lazy\" \/>\t\t\t\t\t\t\t\t\t\t\t\t\t\t\t\t<h3>PROMOTE 2024\t\t\t\t\t\t\t\t\t<span>13 images<\/span>\n\t\t\t\t\t\t\t\t<\/h3>\n\t\t\t\t\t\t\t<\/a>\n\t\t\t\t\t\t<\/div>\n\t\t\t\t\t<\/div>\n\t\t\t\t<\/li>\n\t\t\t\t\t\t\t\t\t<li>\n\t\t\t\t\t<div class=\"foogallery-pile\">\n\t\t\t\t\t\t<div class=\"foogallery-pile-inner\">\n\t\t\t\t\t\t\t<a href=\"https:\/\/sonamines.cm\/en\/galerie-photos\/gallery\/collecte-de-limpot-synthetique-minier-liberatoire-la-sonamines-retrocede-plus-de-218-kg-dor-a-letat\" target=\"_self\">\n\t\t\t\t\t\t\t\t<img loading=\"lazy\" decoding=\"async\"  src=\"https:\/\/sonamines.cm\/wp-content\/uploads\/cache\/2023\/10\/collecte-isml-la-sonamines-retrocede-plus-de-218-kg-d-or-a-l-etat-2023-02\/285843395.jpg\" width=\"300\" height=\"300\" class=\"skip-lazy\" \/>\t\t\t\t\t\t\t\t\t\t\t\t\t\t\t\t<h3>Collecte de l\u2019Imp\u00f4t synth\u00e9tique Minier Lib\u00e9ratoire : La SONAMINES r\u00e9troc\u00e8de plus de 218 kg d\u2019or \u00e0 l\u2019Etat\t\t\t\t\t\t\t\t\t<span>19 images<\/span>\n\t\t\t\t\t\t\t\t<\/h3>\n\t\t\t\t\t\t\t<\/a>\n\t\t\t\t\t\t<\/div>\n\t\t\t\t\t<\/div>\n\t\t\t\t<\/li>\n\t\t\t\t\t\t\t\t\t<li>\n\t\t\t\t\t<div class=\"foogallery-pile\">\n\t\t\t\t\t\t<div class=\"foogallery-pile-inner\">\n\t\t\t\t\t\t\t<a href=\"https:\/\/sonamines.cm\/en\/galerie-photos\/gallery\/projet-dexploitation-des-mamelles-fer-de-kribi-letat-davancement-des-travaux-evalue\" target=\"_self\">\n\t\t\t\t\t\t\t\t<img loading=\"lazy\" decoding=\"async\"  src=\"https:\/\/sonamines.cm\/wp-content\/uploads\/cache\/2023\/04\/WhatsApp-Image-2023-04-19-at-12_03_06\/1153288023.jpeg\" width=\"300\" height=\"300\" srcset=\"https:\/\/sonamines.cm\/wp-content\/uploads\/cache\/2023\/04\/WhatsApp-Image-2023-04-19-at-12_03_06\/3606114571.jpeg 2x\" class=\"skip-lazy\" \/>\t\t\t\t\t\t\t\t\t\t\t\t\t\t\t\t<h3>Projet d\u2019exploitation des mamelles fer de Kribi : L\u2019\u00e9tat d\u2019avancement des travaux \u00e9valu\u00e9\t\t\t\t\t\t\t\t\t<span>13 images<\/span>\n\t\t\t\t\t\t\t\t<\/h3>\n\t\t\t\t\t\t\t<\/a>\n\t\t\t\t\t\t<\/div>\n\t\t\t\t\t<\/div>\n\t\t\t\t<\/li>\n\t\t\t\t\t\t\t\t\t<li>\n\t\t\t\t\t<div class=\"foogallery-pile\">\n\t\t\t\t\t\t<div class=\"foogallery-pile-inner\">\n\t\t\t\t\t\t\t<a href=\"https:\/\/sonamines.cm\/en\/galerie-photos\/gallery\/operation-zero-enfant-dans-la-mine-la-sonamines-a-la-conquete-des-partenaires\" target=\"_self\">\n\t\t\t\t\t\t\t\t<img loading=\"lazy\" decoding=\"async\"  src=\"https:\/\/sonamines.cm\/wp-content\/uploads\/cache\/2023\/06\/operation-zero-enfant-dans-la-mine-la-sonamines-a-la-conquete-des-partenaires-07\/3067988377.jpg\" width=\"300\" height=\"300\" class=\"skip-lazy\" \/>\t\t\t\t\t\t\t\t\t\t\t\t\t\t\t\t<h3>Op\u00e9ration Z\u00e9ro Enfant Dans la Mine : La SONAMINES \u00e0 la conqu\u00eate des partenaires\t\t\t\t\t\t\t\t\t<span>8 images<\/span>\n\t\t\t\t\t\t\t\t<\/h3>\n\t\t\t\t\t\t\t<\/a>\n\t\t\t\t\t\t<\/div>\n\t\t\t\t\t<\/div>\n\t\t\t\t<\/li>\n\t\t\t\t\t\t\t\t\t<li>\n\t\t\t\t\t<div class=\"foogallery-pile\">\n\t\t\t\t\t\t<div class=\"foogallery-pile-inner\">\n\t\t\t\t\t\t\t<a href=\"https:\/\/sonamines.cm\/en\/galerie-photos\/gallery\/indaba-2023\" target=\"_self\">\n\t\t\t\t\t\t\t\t<img loading=\"lazy\" decoding=\"async\"  src=\"https:\/\/sonamines.cm\/wp-content\/uploads\/cache\/2023\/02\/sonamines_indaba_23002\/1034631547.jpeg\" width=\"300\" height=\"300\" class=\"skip-lazy\" \/>\t\t\t\t\t\t\t\t\t\t\t\t\t\t\t\t<h3>INDABA 2023\t\t\t\t\t\t\t\t\t<span>30 images<\/span>\n\t\t\t\t\t\t\t\t<\/h3>\n\t\t\t\t\t\t\t<\/a>\n\t\t\t\t\t\t<\/div>\n\t\t\t\t\t<\/div>\n\t\t\t\t<\/li>\n\t\t\t\t\t\t\t\t\t<li>\n\t\t\t\t\t<div class=\"foogallery-pile\">\n\t\t\t\t\t\t<div class=\"foogallery-pile-inner\">\n\t\t\t\t\t\t\t<a href=\"https:\/\/sonamines.cm\/en\/galerie-photos\/gallery\/13eme-session-du-conseil-dadministration\" target=\"_self\">\n\t\t\t\t\t\t\t\t<img loading=\"lazy\" decoding=\"async\"  src=\"https:\/\/sonamines.cm\/wp-content\/uploads\/cache\/2022\/12\/conseil-d-administration-n-13-04-scaled\/3403952786.jpg\" width=\"300\" height=\"300\" class=\"skip-lazy\" \/>\t\t\t\t\t\t\t\t\t\t\t\t\t\t\t\t<h3>13\u00e8me Session du Conseil d\u2019Administration\t\t\t\t\t\t\t\t\t<span>4 images<\/span>\n\t\t\t\t\t\t\t\t<\/h3>\n\t\t\t\t\t\t\t<\/a>\n\t\t\t\t\t\t<\/div>\n\t\t\t\t\t<\/div>\n\t\t\t\t<\/li>\n\t\t\t\t\t\t\t\t\t<li>\n\t\t\t\t\t<div class=\"foogallery-pile\">\n\t\t\t\t\t\t<div class=\"foogallery-pile-inner\">\n\t\t\t\t\t\t\t<a href=\"https:\/\/sonamines.cm\/en\/galerie-photos\/gallery\/installation-pca\" target=\"_self\">\n\t\t\t\t\t\t\t\t<img loading=\"lazy\" decoding=\"async\"  src=\"https:\/\/sonamines.cm\/wp-content\/uploads\/cache\/2022\/10\/mini_DSC_0041\/2598925965.jpg\" width=\"300\" height=\"300\" class=\"skip-lazy\" \/>\t\t\t\t\t\t\t\t\t\t\t\t\t\t\t\t<h3>installation PCA\t\t\t\t\t\t\t\t\t<span>6 images<\/span>\n\t\t\t\t\t\t\t\t<\/h3>\n\t\t\t\t\t\t\t<\/a>\n\t\t\t\t\t\t<\/div>\n\t\t\t\t\t<\/div>\n\t\t\t\t<\/li>\n\t\t\t\t\t\t\t\t\t<li>\n\t\t\t\t\t<div class=\"foogallery-pile\">\n\t\t\t\t\t\t<div class=\"foogallery-pile-inner\">\n\t\t\t\t\t\t\t<a href=\"https:\/\/sonamines.cm\/en\/galerie-photos\/gallery\/la-sonamines-au-pdac-2022\" target=\"_self\">\n\t\t\t\t\t\t\t\t<img loading=\"lazy\" decoding=\"async\"  src=\"https:\/\/sonamines.cm\/wp-content\/uploads\/cache\/2022\/06\/WhatsApp-Image-2022-06-13-at-11_59_07-AM\/959728652.jpeg\" width=\"300\" height=\"300\" class=\"skip-lazy\" \/>\t\t\t\t\t\t\t\t\t\t\t\t\t\t\t\t<h3>La Sonamines au PDAC 2022\t\t\t\t\t\t\t\t\t<span>6 images<\/span>\n\t\t\t\t\t\t\t\t<\/h3>\n\t\t\t\t\t\t\t<\/a>\n\t\t\t\t\t\t<\/div>\n\t\t\t\t\t<\/div>\n\t\t\t\t<\/li>\n\t\t\t\t\t\t\t\t\t<li>\n\t\t\t\t\t<div class=\"foogallery-pile\">\n\t\t\t\t\t\t<div class=\"foogallery-pile-inner\">\n\t\t\t\t\t\t\t<a href=\"https:\/\/sonamines.cm\/en\/galerie-photos\/gallery\/benchmarking-focus-sur-lexploitation-de-luranium-en-namibie\" target=\"_self\">\n\t\t\t\t\t\t\t\t<img loading=\"lazy\" decoding=\"async\"  src=\"https:\/\/sonamines.cm\/wp-content\/uploads\/cache\/2022\/05\/WhatsApp-Image-2022-05-26-at-9_06_48-PM\/2574330125.jpeg\" width=\"300\" height=\"300\" class=\"skip-lazy\" \/>\t\t\t\t\t\t\t\t\t\t\t\t\t\t\t\t<h3>BENCHMARKING : Focus sur l\u2019exploitation de l\u2019Uranium en Namibie\t\t\t\t\t\t\t\t\t<span>9 images<\/span>\n\t\t\t\t\t\t\t\t<\/h3>\n\t\t\t\t\t\t\t<\/a>\n\t\t\t\t\t\t<\/div>\n\t\t\t\t\t<\/div>\n\t\t\t\t<\/li>\n\t\t\t\t\t\t\t\t\t<li>\n\t\t\t\t\t<div class=\"foogallery-pile\">\n\t\t\t\t\t\t<div class=\"foogallery-pile-inner\">\n\t\t\t\t\t\t\t<a href=\"https:\/\/sonamines.cm\/en\/galerie-photos\/gallery\/benchmarking-la-sonamines-en-quete-dexperience-en-namibie\" target=\"_self\">\n\t\t\t\t\t\t\t\t<img loading=\"lazy\" decoding=\"async\"  src=\"https:\/\/sonamines.cm\/wp-content\/uploads\/cache\/2022\/05\/WhatsApp-Image-2022-05-25-at-8_29_28-PM\/131823400.jpg\" width=\"300\" height=\"300\" class=\"skip-lazy\" \/>\t\t\t\t\t\t\t\t\t\t\t\t\t\t\t\t<h3>BENCHMARKING : La SONAMINES en qu\u00eate d\u2019exp\u00e9rience en NAMIBIE\t\t\t\t\t\t\t\t\t<span>18 images<\/span>\n\t\t\t\t\t\t\t\t<\/h3>\n\t\t\t\t\t\t\t<\/a>\n\t\t\t\t\t\t<\/div>\n\t\t\t\t\t<\/div>\n\t\t\t\t<\/li>\n\t\t\t\t\t\t\t\t\t<li>\n\t\t\t\t\t<div class=\"foogallery-pile\">\n\t\t\t\t\t\t<div class=\"foogallery-pile-inner\">\n\t\t\t\t\t\t\t<a href=\"https:\/\/sonamines.cm\/en\/galerie-photos\/gallery\/premier-anniversaire-pour-les-organes-dirigeants-de-la-sonamines\" target=\"_self\">\n\t\t\t\t\t\t\t\t<img loading=\"lazy\" decoding=\"async\"  src=\"https:\/\/sonamines.cm\/wp-content\/uploads\/cache\/2022\/04\/WhatsApp-Image-2022-04-18-at-16_23_48-1024x576-1\/1741559970.jpeg\" width=\"300\" height=\"300\" class=\"skip-lazy\" \/>\t\t\t\t\t\t\t\t\t\t\t\t\t\t\t\t<h3>Premier anniversaire pour les organes dirigeants de la SONAMINES\t\t\t\t\t\t\t\t\t<span>13 images<\/span>\n\t\t\t\t\t\t\t\t<\/h3>\n\t\t\t\t\t\t\t<\/a>\n\t\t\t\t\t\t<\/div>\n\t\t\t\t\t<\/div>\n\t\t\t\t<\/li>\n\t\t\t\t\t\t\t\t\t<li>\n\t\t\t\t\t<div class=\"foogallery-pile\">\n\t\t\t\t\t\t<div class=\"foogallery-pile-inner\">\n\t\t\t\t\t\t\t<a href=\"https:\/\/sonamines.cm\/en\/galerie-photos\/gallery\/loperation-zero-enfant-dans-la-mine-lancee-a-kambele\" target=\"_self\">\n\t\t\t\t\t\t\t\t<img loading=\"lazy\" decoding=\"async\"  src=\"https:\/\/sonamines.cm\/wp-content\/uploads\/cache\/2021\/09\/WhatsApp-Image-2021-09-29-at-18_30_33\/1131093445.jpeg\" width=\"300\" height=\"300\" class=\"skip-lazy\" \/>\t\t\t\t\t\t\t\t\t\t\t\t\t\t\t\t<h3>L\u2019Op\u00e9ration Z\u00e9ro enfant dans la mine lanc\u00e9e \u00e0 Kambele\t\t\t\t\t\t\t\t\t<span>40 images<\/span>\n\t\t\t\t\t\t\t\t<\/h3>\n\t\t\t\t\t\t\t<\/a>\n\t\t\t\t\t\t<\/div>\n\t\t\t\t\t<\/div>\n\t\t\t\t<\/li>\n\t\t\t\t\t\t\t\t\t<li>\n\t\t\t\t\t<div class=\"foogallery-pile\">\n\t\t\t\t\t\t<div class=\"foogallery-pile-inner\">\n\t\t\t\t\t\t\t<a href=\"https:\/\/sonamines.cm\/en\/galerie-photos\/gallery\/la-sonamines-se-concerte-avec-les-acteurs-de-la-chaine-de-commercialisation-des-substances-minerales\" target=\"_self\">\n\t\t\t\t\t\t\t\t<img loading=\"lazy\" decoding=\"async\"  src=\"https:\/\/sonamines.cm\/wp-content\/uploads\/cache\/2021\/10\/IMG-20211013-WA0102\/3605659131.jpg\" width=\"300\" height=\"300\" class=\"skip-lazy\" \/>\t\t\t\t\t\t\t\t\t\t\t\t\t\t\t\t<h3>La SONAMINES se concerte avec les acteurs de la chaine de Commercialisation des substances min\u00e9rales\t\t\t\t\t\t\t\t\t<span>7 images<\/span>\n\t\t\t\t\t\t\t\t<\/h3>\n\t\t\t\t\t\t\t<\/a>\n\t\t\t\t\t\t<\/div>\n\t\t\t\t\t<\/div>\n\t\t\t\t<\/li>\n\t\t\t\t\t\t<\/ul>\n\t<div style=\"clear: both;\"><\/div>\n<\/div>","protected":false},"excerpt":{"rendered":"","protected":false},"author":3,"featured_media":0,"parent":0,"menu_order":0,"comment_status":"closed","ping_status":"closed","template":"fullpage.php","meta":{"_coblocks_attr":"","_coblocks_dimensions":"","_coblocks_responsive_height":"","_coblocks_accordion_ie_support":"","_uag_custom_page_level_css":"","footnotes":""},"class_list":["post-607","page","type-page","status-publish","hentry"],"uagb_featured_image_src":{"full":false,"thumbnail":false,"medium":false,"medium_large":false,"large":false,"1536x1536":false,"2048x2048":false,"trp-custom-language-flag":false},"uagb_author_info":{"display_name":"SANDIE Gilles","author_link":"https:\/\/sonamines.cm\/en\/author\/gillessandie\/"},"uagb_comment_info":0,"uagb_excerpt":null,"_links":{"self":[{"href":"https:\/\/sonamines.cm\/en\/wp-json\/wp\/v2\/pages\/607","targetHints":{"allow":["GET"]}}],"collection":[{"href":"https:\/\/sonamines.cm\/en\/wp-json\/wp\/v2\/pages"}],"about":[{"href":"https:\/\/sonamines.cm\/en\/wp-json\/wp\/v2\/types\/page"}],"author":[{"embeddable":true,"href":"https:\/\/sonamines.cm\/en\/wp-json\/wp\/v2\/users\/3"}],"replies":[{"embeddable":true,"href":"https:\/\/sonamines.cm\/en\/wp-json\/wp\/v2\/comments?post=607"}],"version-history":[{"count":0,"href":"https:\/\/sonamines.cm\/en\/wp-json\/wp\/v2\/pages\/607\/revisions"}],"wp:attachment":[{"href":"https:\/\/sonamines.cm\/en\/wp-json\/wp\/v2\/media?parent=607"}],"curies":[{"name":"wp","href":"https:\/\/api.w.org\/{rel}","templated":true}]}}